{"id":662,"date":"2020-04-12T13:46:33","date_gmt":"2020-04-12T11:46:33","guid":{"rendered":"http:\/\/www.alex-bley.de\/?post_type=portfolio&#038;p=662"},"modified":"2021-12-01T20:15:36","modified_gmt":"2021-12-01T19:15:36","slug":"flowers","status":"publish","type":"portfolio","link":"http:\/\/www.alex-bley.de\/?portfolio=flowers","title":{"rendered":"Floral"},"content":{"rendered":"\n<!-- index.php -->\n<div\n\tclass=\"ngg-galleryoverview ngg-ajax-pagination-none\"\n\tid=\"ngg-gallery-7e0f2e4e1284d93c3e91e9ff5cb59780-1\">\n\n    \t<div class=\"slideshowlink\">\n        <a href='http:\/\/www.alex-bley.de\/index.php\/nggallery\/slideshow?portfolio=flowers'>[Show slideshow]<\/a>\n\t\t\n\t<\/div>\n\t\t\t<!-- Thumbnails -->\n\t\t\t\t<div id=\"ngg-image-0\" class=\"ngg-gallery-thumbnail-box\" >\n\t\t\t\t        <div class=\"ngg-gallery-thumbnail\">\n            <a href=\"http:\/\/www.alex-bley.de\/wp-content\/gallery\/blumen\/2020_herbsteich-100x140-1-e1638379451704.jpg\"\n               title=\"2020 Herbstteich 100x160 Acrylarbeit\"\n               data-src=\"http:\/\/www.alex-bley.de\/wp-content\/gallery\/blumen\/2020_herbsteich-100x140-1-e1638379451704.jpg\"\n               data-thumbnail=\"http:\/\/www.alex-bley.de\/wp-content\/gallery\/blumen\/thumbs\/thumbs_2020_herbsteich-100x140-1-e1638379451704.jpg\"\n               data-image-id=\"187\"\n               data-title=\"2020 Herbstteich 100x160 Acrylarbeit\"\n               data-description=\"2020 Herbstteich 100x160 Acrylarbeit\"\n               data-image-slug=\"2020_herbsteich-100x140-1-e1638379451704-1\"\n               class=\"ngg-fancybox\" rel=\"7e0f2e4e1284d93c3e91e9ff5cb59780\">\n                <img\n                    title=\"2020 Herbstteich 100x160 Acrylarbeit\"\n                    alt=\"2020 Herbstteich 100x160 Acrylarbeit\"\n                    src=\"http:\/\/www.alex-bley.de\/wp-content\/gallery\/blumen\/thumbs\/thumbs_2020_herbsteich-100x140-1-e1638379451704.jpg\"\n                    width=\"120\"\n                    height=\"90\"\n                    style=\"max-width:100%;\"\n                \/>\n            <\/a>\n        <\/div>\n\t\t\t\t\t\t\t<\/div> \n\t\t\t\n        \n\t\t\t\t<div id=\"ngg-image-1\" class=\"ngg-gallery-thumbnail-box\" >\n\t\t\t\t        <div class=\"ngg-gallery-thumbnail\">\n            <a href=\"http:\/\/www.alex-bley.de\/wp-content\/gallery\/blumen\/2020_Herbsteich-im-Raum_2-e1638379506854.jpeg\"\n               title=\"2020_Herbsteich im Raum\"\n               data-src=\"http:\/\/www.alex-bley.de\/wp-content\/gallery\/blumen\/2020_Herbsteich-im-Raum_2-e1638379506854.jpeg\"\n               data-thumbnail=\"http:\/\/www.alex-bley.de\/wp-content\/gallery\/blumen\/thumbs\/thumbs_2020_Herbsteich-im-Raum_2-e1638379506854.jpeg\"\n               data-image-id=\"188\"\n               data-title=\"2020_Herbsteich im Raum_2\"\n               data-description=\"2020_Herbsteich im Raum\"\n               data-image-slug=\"2020_herbsteich-im-raum_2-e1638379506854-1\"\n               class=\"ngg-fancybox\" rel=\"7e0f2e4e1284d93c3e91e9ff5cb59780\">\n                <img\n                    title=\"2020_Herbsteich im Raum_2\"\n                    alt=\"2020_Herbsteich im Raum_2\"\n                    src=\"http:\/\/www.alex-bley.de\/wp-content\/gallery\/blumen\/thumbs\/thumbs_2020_Herbsteich-im-Raum_2-e1638379506854.jpeg\"\n                    width=\"120\"\n                    height=\"90\"\n                    style=\"max-width:100%;\"\n                \/>\n            <\/a>\n        <\/div>\n\t\t\t\t\t\t\t<\/div> \n\t\t\t\n        \n\t\t\t\t<div id=\"ngg-image-2\" class=\"ngg-gallery-thumbnail-box\" >\n\t\t\t\t        <div class=\"ngg-gallery-thumbnail\">\n            <a href=\"http:\/\/www.alex-bley.de\/wp-content\/gallery\/blumen\/Annemonen-60-x-80-cm-scaled-e1638256640787.jpg\"\n               title=\"Anemonen \u00d6lbild 80 x 100\"\n               data-src=\"http:\/\/www.alex-bley.de\/wp-content\/gallery\/blumen\/Annemonen-60-x-80-cm-scaled-e1638256640787.jpg\"\n               data-thumbnail=\"http:\/\/www.alex-bley.de\/wp-content\/gallery\/blumen\/thumbs\/thumbs_Annemonen-60-x-80-cm-scaled-e1638256640787.jpg\"\n               data-image-id=\"189\"\n               data-title=\"Windr\u00f6schen 60x80 cm\"\n               data-description=\"Anemonen \u00d6lbild 80 x 100\"\n               data-image-slug=\"annemonen-60-x-80-cm-scaled-e1638256640787\"\n               class=\"ngg-fancybox\" rel=\"7e0f2e4e1284d93c3e91e9ff5cb59780\">\n                <img\n                    title=\"Windr\u00f6schen 60x80 cm\"\n                    alt=\"Windr\u00f6schen 60x80 cm\"\n                    src=\"http:\/\/www.alex-bley.de\/wp-content\/gallery\/blumen\/thumbs\/thumbs_Annemonen-60-x-80-cm-scaled-e1638256640787.jpg\"\n                    width=\"120\"\n                    height=\"90\"\n                    style=\"max-width:100%;\"\n                \/>\n            <\/a>\n        <\/div>\n\t\t\t\t\t\t\t<\/div> \n\t\t\t\n        \n\t\t\t\t<div id=\"ngg-image-3\" class=\"ngg-gallery-thumbnail-box\" >\n\t\t\t\t        <div class=\"ngg-gallery-thumbnail\">\n            <a href=\"http:\/\/www.alex-bley.de\/wp-content\/gallery\/blumen\/Windroeschen-im-Raum-e1638258723356.png\"\n               title=\"Anemonen \u00d6lbild 80 x 100\"\n               data-src=\"http:\/\/www.alex-bley.de\/wp-content\/gallery\/blumen\/Windroeschen-im-Raum-e1638258723356.png\"\n               data-thumbnail=\"http:\/\/www.alex-bley.de\/wp-content\/gallery\/blumen\/thumbs\/thumbs_Windroeschen-im-Raum-e1638258723356.png\"\n               data-image-id=\"190\"\n               data-title=\"Windr\u00f6schen im Raum\"\n               data-description=\"Anemonen \u00d6lbild 80 x 100\"\n               data-image-slug=\"windroeschen-im-raum-e1638258723356\"\n               class=\"ngg-fancybox\" rel=\"7e0f2e4e1284d93c3e91e9ff5cb59780\">\n                <img\n                    title=\"Windr\u00f6schen im Raum\"\n                    alt=\"Windr\u00f6schen im Raum\"\n                    src=\"http:\/\/www.alex-bley.de\/wp-content\/gallery\/blumen\/thumbs\/thumbs_Windroeschen-im-Raum-e1638258723356.png\"\n                    width=\"120\"\n                    height=\"90\"\n                    style=\"max-width:100%;\"\n                \/>\n            <\/a>\n        <\/div>\n\t\t\t\t\t\t\t<\/div> \n\t\t\t\n        \n\t\t\t\t<div id=\"ngg-image-4\" class=\"ngg-gallery-thumbnail-box\" >\n\t\t\t\t        <div class=\"ngg-gallery-thumbnail\">\n            <a href=\"http:\/\/www.alex-bley.de\/wp-content\/gallery\/blumen\/Magnolien-im-Raum-e1638283185291.jpeg\"\n               title=\"blaue sessel rosa wand magnolienbild\"\n               data-src=\"http:\/\/www.alex-bley.de\/wp-content\/gallery\/blumen\/Magnolien-im-Raum-e1638283185291.jpeg\"\n               data-thumbnail=\"http:\/\/www.alex-bley.de\/wp-content\/gallery\/blumen\/thumbs\/thumbs_Magnolien-im-Raum-e1638283185291.jpeg\"\n               data-image-id=\"185\"\n               data-title=\"Magnolien im Raum\"\n               data-description=\"blaue sessel rosa wand magnolienbild\"\n               data-image-slug=\"magnolien-im-raum-e1638283185291\"\n               class=\"ngg-fancybox\" rel=\"7e0f2e4e1284d93c3e91e9ff5cb59780\">\n                <img\n                    title=\"Magnolien im Raum\"\n                    alt=\"Magnolien im Raum\"\n                    src=\"http:\/\/www.alex-bley.de\/wp-content\/gallery\/blumen\/thumbs\/thumbs_Magnolien-im-Raum-e1638283185291.jpeg\"\n                    width=\"120\"\n                    height=\"90\"\n                    style=\"max-width:100%;\"\n                \/>\n            <\/a>\n        <\/div>\n\t\t\t\t\t\t\t<\/div> \n\t\t\t\n        \n\t\t\t\t<div id=\"ngg-image-5\" class=\"ngg-gallery-thumbnail-box\" >\n\t\t\t\t        <div class=\"ngg-gallery-thumbnail\">\n            <a href=\"http:\/\/www.alex-bley.de\/wp-content\/gallery\/blumen\/Magnolienstrauch-120-x-120-cm-e1638257626790.jpg\"\n               title=\"magnolien auf helblauen hintergrund \u00f6lgem\u00e4lde alexandra bley\"\n               data-src=\"http:\/\/www.alex-bley.de\/wp-content\/gallery\/blumen\/Magnolienstrauch-120-x-120-cm-e1638257626790.jpg\"\n               data-thumbnail=\"http:\/\/www.alex-bley.de\/wp-content\/gallery\/blumen\/thumbs\/thumbs_Magnolienstrauch-120-x-120-cm-e1638257626790.jpg\"\n               data-image-id=\"170\"\n               data-title=\"\u00d6lgem\u00e4lde Magnolien 120 x 120 cm\"\n               data-description=\"magnolien auf helblauen hintergrund \u00f6lgem\u00e4lde alexandra bley\"\n               data-image-slug=\"magnolienstrauch-120-x-120-cm-e1638257626790\"\n               class=\"ngg-fancybox\" rel=\"7e0f2e4e1284d93c3e91e9ff5cb59780\">\n                <img\n                    title=\"\u00d6lgem\u00e4lde Magnolien 120 x 120 cm\"\n                    alt=\"\u00d6lgem\u00e4lde Magnolien 120 x 120 cm\"\n                    src=\"http:\/\/www.alex-bley.de\/wp-content\/gallery\/blumen\/thumbs\/thumbs_Magnolienstrauch-120-x-120-cm-e1638257626790.jpg\"\n                    width=\"120\"\n                    height=\"90\"\n                    style=\"max-width:100%;\"\n                \/>\n            <\/a>\n        <\/div>\n\t\t\t\t\t\t\t<\/div> \n\t\t\t\n        \n\t\t\t\t<div id=\"ngg-image-6\" class=\"ngg-gallery-thumbnail-box\" >\n\t\t\t\t        <div class=\"ngg-gallery-thumbnail\">\n            <a href=\"http:\/\/www.alex-bley.de\/wp-content\/gallery\/blumen\/Fleur-1-80-x-80-e1586693104549.jpg\"\n               title=\"\u00d6l auf Leinwand 80 x 80 cm\"\n               data-src=\"http:\/\/www.alex-bley.de\/wp-content\/gallery\/blumen\/Fleur-1-80-x-80-e1586693104549.jpg\"\n               data-thumbnail=\"http:\/\/www.alex-bley.de\/wp-content\/gallery\/blumen\/thumbs\/thumbs_Fleur-1-80-x-80-e1586693104549.jpg\"\n               data-image-id=\"191\"\n               data-title=\"Fleur \/ 80 x 80 cm \/ \u00d6l auf Leinwand\"\n               data-description=\"\u00d6l auf Leinwand 80 x 80 cm\"\n               data-image-slug=\"fleur-1-80-x-80-e1586693104549\"\n               class=\"ngg-fancybox\" rel=\"7e0f2e4e1284d93c3e91e9ff5cb59780\">\n                <img\n                    title=\"Fleur \/ 80 x 80 cm \/ \u00d6l auf Leinwand\"\n                    alt=\"Fleur \/ 80 x 80 cm \/ \u00d6l auf Leinwand\"\n                    src=\"http:\/\/www.alex-bley.de\/wp-content\/gallery\/blumen\/thumbs\/thumbs_Fleur-1-80-x-80-e1586693104549.jpg\"\n                    width=\"120\"\n                    height=\"90\"\n                    style=\"max-width:100%;\"\n                \/>\n            <\/a>\n        <\/div>\n\t\t\t\t\t\t\t<\/div> \n\t\t\t\n        \n\t\t\t\t<div id=\"ngg-image-7\" class=\"ngg-gallery-thumbnail-box\" >\n\t\t\t\t        <div class=\"ngg-gallery-thumbnail\">\n            <a href=\"http:\/\/www.alex-bley.de\/wp-content\/gallery\/blumen\/Alexandra-e1586692792729.jpg\"\n               title=\"\"\n               data-src=\"http:\/\/www.alex-bley.de\/wp-content\/gallery\/blumen\/Alexandra-e1586692792729.jpg\"\n               data-thumbnail=\"http:\/\/www.alex-bley.de\/wp-content\/gallery\/blumen\/thumbs\/thumbs_Alexandra-e1586692792729.jpg\"\n               data-image-id=\"193\"\n               data-title=\"Alexandra-e1586692792729\"\n               data-description=\"\"\n               data-image-slug=\"alexandra-e1586692792729\"\n               class=\"ngg-fancybox\" rel=\"7e0f2e4e1284d93c3e91e9ff5cb59780\">\n                <img\n                    title=\"Alexandra-e1586692792729\"\n                    alt=\"Alexandra-e1586692792729\"\n                    src=\"http:\/\/www.alex-bley.de\/wp-content\/gallery\/blumen\/thumbs\/thumbs_Alexandra-e1586692792729.jpg\"\n                    width=\"120\"\n                    height=\"90\"\n                    style=\"max-width:100%;\"\n                \/>\n            <\/a>\n        <\/div>\n\t\t\t\t\t\t\t<\/div> \n\t\t\t\n        \n\t\t\t\t<div id=\"ngg-image-8\" class=\"ngg-gallery-thumbnail-box\" >\n\t\t\t\t        <div class=\"ngg-gallery-thumbnail\">\n            <a href=\"http:\/\/www.alex-bley.de\/wp-content\/gallery\/blumen\/Magmolienbaum.jpg\"\n               title=\"\u00d6l auf Leinwand 120 x 160\"\n               data-src=\"http:\/\/www.alex-bley.de\/wp-content\/gallery\/blumen\/Magmolienbaum.jpg\"\n               data-thumbnail=\"http:\/\/www.alex-bley.de\/wp-content\/gallery\/blumen\/thumbs\/thumbs_Magmolienbaum.jpg\"\n               data-image-id=\"194\"\n               data-title=\"Magnolien\"\n               data-description=\"\u00d6l auf Leinwand 120 x 160\"\n               data-image-slug=\"magmolienbaum\"\n               class=\"ngg-fancybox\" rel=\"7e0f2e4e1284d93c3e91e9ff5cb59780\">\n                <img\n                    title=\"Magnolien\"\n                    alt=\"Magnolien\"\n                    src=\"http:\/\/www.alex-bley.de\/wp-content\/gallery\/blumen\/thumbs\/thumbs_Magmolienbaum.jpg\"\n                    width=\"120\"\n                    height=\"90\"\n                    style=\"max-width:100%;\"\n                \/>\n            <\/a>\n        <\/div>\n\t\t\t\t\t\t\t<\/div> \n\t\t\t\n        \n\t\t\t\t<div id=\"ngg-image-9\" class=\"ngg-gallery-thumbnail-box\" >\n\t\t\t\t        <div class=\"ngg-gallery-thumbnail\">\n            <a href=\"http:\/\/www.alex-bley.de\/wp-content\/gallery\/blumen\/Chrianteme-1-e1558469188443.jpg\"\n               title=\"\"\n               data-src=\"http:\/\/www.alex-bley.de\/wp-content\/gallery\/blumen\/Chrianteme-1-e1558469188443.jpg\"\n               data-thumbnail=\"http:\/\/www.alex-bley.de\/wp-content\/gallery\/blumen\/thumbs\/thumbs_Chrianteme-1-e1558469188443.jpg\"\n               data-image-id=\"165\"\n               data-title=\"Chrianteme-1-e1558469188443\"\n               data-description=\"\"\n               data-image-slug=\"chrianteme-1-e1558469188443\"\n               class=\"ngg-fancybox\" rel=\"7e0f2e4e1284d93c3e91e9ff5cb59780\">\n                <img\n                    title=\"Chrianteme-1-e1558469188443\"\n                    alt=\"Chrianteme-1-e1558469188443\"\n                    src=\"http:\/\/www.alex-bley.de\/wp-content\/gallery\/blumen\/thumbs\/thumbs_Chrianteme-1-e1558469188443.jpg\"\n                    width=\"120\"\n                    height=\"90\"\n                    style=\"max-width:100%;\"\n                \/>\n            <\/a>\n        <\/div>\n\t\t\t\t\t\t\t<\/div> \n\t\t\t\n        \n\t\t\t\t<div id=\"ngg-image-10\" class=\"ngg-gallery-thumbnail-box\" >\n\t\t\t\t        <div class=\"ngg-gallery-thumbnail\">\n            <a href=\"http:\/\/www.alex-bley.de\/wp-content\/gallery\/blumen\/Lilien-im-Raum-e1638283407200.jpg\"\n               title=\"tischgruppe rote st\u00fchle lilien in pin gem\u00e4lde an rosa wand\"\n               data-src=\"http:\/\/www.alex-bley.de\/wp-content\/gallery\/blumen\/Lilien-im-Raum-e1638283407200.jpg\"\n               data-thumbnail=\"http:\/\/www.alex-bley.de\/wp-content\/gallery\/blumen\/thumbs\/thumbs_Lilien-im-Raum-e1638283407200.jpg\"\n               data-image-id=\"184\"\n               data-title=\"2020_Lilien 80x100\"\n               data-description=\"tischgruppe rote st\u00fchle lilien in pin gem\u00e4lde an rosa wand\"\n               data-image-slug=\"lilien-im-raum-e1638283407200\"\n               class=\"ngg-fancybox\" rel=\"7e0f2e4e1284d93c3e91e9ff5cb59780\">\n                <img\n                    title=\"2020_Lilien 80x100\"\n                    alt=\"2020_Lilien 80x100\"\n                    src=\"http:\/\/www.alex-bley.de\/wp-content\/gallery\/blumen\/thumbs\/thumbs_Lilien-im-Raum-e1638283407200.jpg\"\n                    width=\"120\"\n                    height=\"90\"\n                    style=\"max-width:100%;\"\n                \/>\n            <\/a>\n        <\/div>\n\t\t\t\t\t\t\t<\/div> \n\t\t\t\n        \n\t\t\t\t<div id=\"ngg-image-11\" class=\"ngg-gallery-thumbnail-box\" >\n\t\t\t\t        <div class=\"ngg-gallery-thumbnail\">\n            <a href=\"http:\/\/www.alex-bley.de\/wp-content\/gallery\/blumen\/2020_Lilie-in-Purpur-60-x-80-Bley-e1586692516661.jpg\"\n               title=\"\"\n               data-src=\"http:\/\/www.alex-bley.de\/wp-content\/gallery\/blumen\/2020_Lilie-in-Purpur-60-x-80-Bley-e1586692516661.jpg\"\n               data-thumbnail=\"http:\/\/www.alex-bley.de\/wp-content\/gallery\/blumen\/thumbs\/thumbs_2020_Lilie-in-Purpur-60-x-80-Bley-e1586692516661.jpg\"\n               data-image-id=\"167\"\n               data-title=\"2020_Lilie-in-Purpur-60-x-80-Bley-e1586692516661\"\n               data-description=\"\"\n               data-image-slug=\"2020_lilie-in-purpur-60-x-80-bley-e1586692516661\"\n               class=\"ngg-fancybox\" rel=\"7e0f2e4e1284d93c3e91e9ff5cb59780\">\n                <img\n                    title=\"2020_Lilie-in-Purpur-60-x-80-Bley-e1586692516661\"\n                    alt=\"2020_Lilie-in-Purpur-60-x-80-Bley-e1586692516661\"\n                    src=\"http:\/\/www.alex-bley.de\/wp-content\/gallery\/blumen\/thumbs\/thumbs_2020_Lilie-in-Purpur-60-x-80-Bley-e1586692516661.jpg\"\n                    width=\"120\"\n                    height=\"90\"\n                    style=\"max-width:100%;\"\n                \/>\n            <\/a>\n        <\/div>\n\t\t\t\t\t\t\t<\/div> \n\t\t\t\n        \n\t\t\t\t<div id=\"ngg-image-12\" class=\"ngg-gallery-thumbnail-box\" >\n\t\t\t\t        <div class=\"ngg-gallery-thumbnail\">\n            <a href=\"http:\/\/www.alex-bley.de\/wp-content\/gallery\/blumen\/Hortensien-e1586692992868.jpg\"\n               title=\"\u00d6l auf Leinwand 60 x 80 cm\"\n               data-src=\"http:\/\/www.alex-bley.de\/wp-content\/gallery\/blumen\/Hortensien-e1586692992868.jpg\"\n               data-thumbnail=\"http:\/\/www.alex-bley.de\/wp-content\/gallery\/blumen\/thumbs\/thumbs_Hortensien-e1586692992868.jpg\"\n               data-image-id=\"192\"\n               data-title=\"Hortensie \/ 60 x 80 cm \/ \u00d6l auf Leinwand\"\n               data-description=\"\u00d6l auf Leinwand 60 x 80 cm\"\n               data-image-slug=\"hortensien-e1586692992868\"\n               class=\"ngg-fancybox\" rel=\"7e0f2e4e1284d93c3e91e9ff5cb59780\">\n                <img\n                    title=\"Hortensie \/ 60 x 80 cm \/ \u00d6l auf Leinwand\"\n                    alt=\"Hortensie \/ 60 x 80 cm \/ \u00d6l auf Leinwand\"\n                    src=\"http:\/\/www.alex-bley.de\/wp-content\/gallery\/blumen\/thumbs\/thumbs_Hortensien-e1586692992868.jpg\"\n                    width=\"120\"\n                    height=\"90\"\n                    style=\"max-width:100%;\"\n                \/>\n            <\/a>\n        <\/div>\n\t\t\t\t\t\t\t<\/div> \n\t\t\t\n        \n\t\t\t\t<div id=\"ngg-image-13\" class=\"ngg-gallery-thumbnail-box\" >\n\t\t\t\t        <div class=\"ngg-gallery-thumbnail\">\n            <a href=\"http:\/\/www.alex-bley.de\/wp-content\/gallery\/blumen\/2020-Bley-Mohn_60-x-80-e1586692458475.jpg\"\n               title=\"Mohnbl\u00fcte 80 x 100 \u00d6lbild\"\n               data-src=\"http:\/\/www.alex-bley.de\/wp-content\/gallery\/blumen\/2020-Bley-Mohn_60-x-80-e1586692458475.jpg\"\n               data-thumbnail=\"http:\/\/www.alex-bley.de\/wp-content\/gallery\/blumen\/thumbs\/thumbs_2020-Bley-Mohn_60-x-80-e1586692458475.jpg\"\n               data-image-id=\"168\"\n               data-title=\"2020-Bley-Mohn_60-x-80-e1586692458475\"\n               data-description=\"Mohnbl\u00fcte 80 x 100 \u00d6lbild\"\n               data-image-slug=\"2020-bley-mohn_60-x-80-e1586692458475\"\n               class=\"ngg-fancybox\" rel=\"7e0f2e4e1284d93c3e91e9ff5cb59780\">\n                <img\n                    title=\"2020-Bley-Mohn_60-x-80-e1586692458475\"\n                    alt=\"2020-Bley-Mohn_60-x-80-e1586692458475\"\n                    src=\"http:\/\/www.alex-bley.de\/wp-content\/gallery\/blumen\/thumbs\/thumbs_2020-Bley-Mohn_60-x-80-e1586692458475.jpg\"\n                    width=\"120\"\n                    height=\"90\"\n                    style=\"max-width:100%;\"\n                \/>\n            <\/a>\n        <\/div>\n\t\t\t\t\t\t\t<\/div> \n\t\t\t\n        \n\t\t\t\t<div id=\"ngg-image-14\" class=\"ngg-gallery-thumbnail-box\" >\n\t\t\t\t        <div class=\"ngg-gallery-thumbnail\">\n            <a href=\"http:\/\/www.alex-bley.de\/wp-content\/gallery\/blumen\/IMG_7132-e1586692561590.jpg\"\n               title=\"Bl\u00fctenzauber 100x110 \u00d6lgem\u00e4lde\"\n               data-src=\"http:\/\/www.alex-bley.de\/wp-content\/gallery\/blumen\/IMG_7132-e1586692561590.jpg\"\n               data-thumbnail=\"http:\/\/www.alex-bley.de\/wp-content\/gallery\/blumen\/thumbs\/thumbs_IMG_7132-e1586692561590.jpg\"\n               data-image-id=\"169\"\n               data-title=\"Bl\u00fctenzauber 100x120 \u00d6lgem\u00e4lde\"\n               data-description=\"Bl\u00fctenzauber 100x110 \u00d6lgem\u00e4lde\"\n               data-image-slug=\"img_7132-e1586692561590\"\n               class=\"ngg-fancybox\" rel=\"7e0f2e4e1284d93c3e91e9ff5cb59780\">\n                <img\n                    title=\"Bl\u00fctenzauber 100x120 \u00d6lgem\u00e4lde\"\n                    alt=\"Bl\u00fctenzauber 100x120 \u00d6lgem\u00e4lde\"\n                    src=\"http:\/\/www.alex-bley.de\/wp-content\/gallery\/blumen\/thumbs\/thumbs_IMG_7132-e1586692561590.jpg\"\n                    width=\"120\"\n                    height=\"90\"\n                    style=\"max-width:100%;\"\n                \/>\n            <\/a>\n        <\/div>\n\t\t\t\t\t\t\t<\/div> \n\t\t\t\n        \n\t\t\t\t<div id=\"ngg-image-15\" class=\"ngg-gallery-thumbnail-box\" >\n\t\t\t\t        <div class=\"ngg-gallery-thumbnail\">\n            <a href=\"http:\/\/www.alex-bley.de\/wp-content\/gallery\/blumen\/Lilie-2-e1586692948763.jpg\"\n               title=\"\u00d6l auf Leinwand 30 x 40 cm\"\n               data-src=\"http:\/\/www.alex-bley.de\/wp-content\/gallery\/blumen\/Lilie-2-e1586692948763.jpg\"\n               data-thumbnail=\"http:\/\/www.alex-bley.de\/wp-content\/gallery\/blumen\/thumbs\/thumbs_Lilie-2-e1586692948763.jpg\"\n               data-image-id=\"195\"\n               data-title=\"Lilie\"\n               data-description=\"\u00d6l auf Leinwand 30 x 40 cm\"\n               data-image-slug=\"lilie-2-e1586692948763\"\n               class=\"ngg-fancybox\" rel=\"7e0f2e4e1284d93c3e91e9ff5cb59780\">\n                <img\n                    title=\"Lilie\"\n                    alt=\"Lilie\"\n                    src=\"http:\/\/www.alex-bley.de\/wp-content\/gallery\/blumen\/thumbs\/thumbs_Lilie-2-e1586692948763.jpg\"\n                    width=\"120\"\n                    height=\"90\"\n                    style=\"max-width:100%;\"\n                \/>\n            <\/a>\n        <\/div>\n\t\t\t\t\t\t\t<\/div> \n\t\t\t\n        \n\t\t\t\t<div id=\"ngg-image-16\" class=\"ngg-gallery-thumbnail-box\" >\n\t\t\t\t        <div class=\"ngg-gallery-thumbnail\">\n            <a href=\"http:\/\/www.alex-bley.de\/wp-content\/gallery\/blumen\/Magnolie-60-x-80-1.jpg\"\n               title=\"Magnolie-60-x-80\"\n               data-src=\"http:\/\/www.alex-bley.de\/wp-content\/gallery\/blumen\/Magnolie-60-x-80-1.jpg\"\n               data-thumbnail=\"http:\/\/www.alex-bley.de\/wp-content\/gallery\/blumen\/thumbs\/thumbs_Magnolie-60-x-80-1.jpg\"\n               data-image-id=\"166\"\n               data-title=\"Magnolie-60-x-80\"\n               data-description=\"Magnolie-60-x-80\"\n               data-image-slug=\"magnolie-60-x-80-1\"\n               class=\"ngg-fancybox\" rel=\"7e0f2e4e1284d93c3e91e9ff5cb59780\">\n                <img\n                    title=\"Magnolie-60-x-80\"\n                    alt=\"Magnolie-60-x-80\"\n                    src=\"http:\/\/www.alex-bley.de\/wp-content\/gallery\/blumen\/thumbs\/thumbs_Magnolie-60-x-80-1.jpg\"\n                    width=\"120\"\n                    height=\"90\"\n                    style=\"max-width:100%;\"\n                \/>\n            <\/a>\n        <\/div>\n\t\t\t\t\t\t\t<\/div> \n\t\t\t\n        \n\t\t\n\t\t<!-- Pagination -->\n\t<div class='ngg-clear'><\/div>\t<\/div>\n\n\n\n\n<p><\/p>\n","protected":false},"excerpt":{"rendered":"","protected":false},"author":1,"featured_media":1033,"menu_order":0,"comment_status":"open","ping_status":"closed","template":"","meta":{"kt_blocks_editor_width":"","ngg_post_thumbnail":0},"portfolio-type":[],"_links":{"self":[{"href":"http:\/\/www.alex-bley.de\/index.php?rest_route=\/wp\/v2\/portfolio\/662"}],"collection":[{"href":"http:\/\/www.alex-bley.de\/index.php?rest_route=\/wp\/v2\/portfolio"}],"about":[{"href":"http:\/\/www.alex-bley.de\/index.php?rest_route=\/wp\/v2\/types\/portfolio"}],"author":[{"embeddable":true,"href":"http:\/\/www.alex-bley.de\/index.php?rest_route=\/wp\/v2\/users\/1"}],"replies":[{"embeddable":true,"href":"http:\/\/www.alex-bley.de\/index.php?rest_route=%2Fwp%2Fv2%2Fcomments&post=662"}],"wp:featuredmedia":[{"embeddable":true,"href":"http:\/\/www.alex-bley.de\/index.php?rest_route=\/wp\/v2\/media\/1033"}],"wp:attachment":[{"href":"http:\/\/www.alex-bley.de\/index.php?rest_route=%2Fwp%2Fv2%2Fmedia&parent=662"}],"wp:term":[{"taxonomy":"portfolio-type","embeddable":true,"href":"http:\/\/www.alex-bley.de\/index.php?rest_route=%2Fwp%2Fv2%2Fportfolio-type&post=662"}],"curies":[{"name":"wp","href":"https:\/\/api.w.org\/{rel}","templated":true}]}}